{"id":3820,"date":"2025-04-28T07:52:52","date_gmt":"2025-04-28T07:52:52","guid":{"rendered":"https:\/\/icelandescape.com\/?page_id=3820"},"modified":"2025-07-02T15:56:07","modified_gmt":"2025-07-02T15:56:07","slug":"faq","status":"publish","type":"page","link":"https:\/\/icelandescape.com\/en\/faq\/","title":{"rendered":"FAQ"},"content":{"rendered":"<p>[et_pb_section fb_built=&#8221;1&#8243; _builder_version=&#8221;4.27.4&#8243; _module_preset=&#8221;default&#8221; global_colors_info=&#8221;{}&#8221;][et_pb_row _builder_version=&#8221;4.27.4&#8243; _module_preset=&#8221;default&#8221; global_colors_info=&#8221;{}&#8221;][et_pb_column type=&#8221;4_4&#8243; _builder_version=&#8221;4.27.4&#8243; _module_preset=&#8221;default&#8221; global_colors_info=&#8221;{}&#8221;][et_pb_text _builder_version=&#8221;4.27.4&#8243; _module_preset=&#8221;default&#8221; header_font=&#8221;|||on|||||&#8221; header_text_align=&#8221;center&#8221; header_text_color=&#8221;#E30613&#8243; header_font_size=&#8221;20px&#8221; header_letter_spacing=&#8221;3px&#8221; global_colors_info=&#8221;{}&#8221;]<\/p>\n<h1>Foire aux questions<\/h1>\n<p>[\/et_pb_text][\/et_pb_column][\/et_pb_row][et_pb_row _builder_version=&#8221;4.27.4&#8243; _module_preset=&#8221;default&#8221; global_colors_info=&#8221;{}&#8221;][et_pb_column type=&#8221;4_4&#8243; _builder_version=&#8221;4.27.4&#8243; _module_preset=&#8221;default&#8221; global_colors_info=&#8221;{}&#8221;][et_pb_accordion _builder_version=&#8221;4.27.4&#8243; _module_preset=&#8221;default&#8221; hover_enabled=&#8221;0&#8243; global_colors_info=&#8221;{}&#8221; sticky_enabled=&#8221;0&#8243;][et_pb_accordion_item title=&#8221;Quelle est la meilleure p\u00e9riode pour venir en Islande ?&#8221; _builder_version=&#8221;4.27.4&#8243; _module_preset=&#8221;default&#8221; global_colors_info=&#8221;{}&#8221; open=&#8221;off&#8221;]<\/p>\n<p><span>On peut voyager en Islande tout au long de l\u2019ann\u00e9e. En fonction de la p\u00e9riode du voyage, le type de s\u00e9jour varie. En effet, si vous voulez voir des aurores bor\u00e9ales, il faut venir entre ao\u00fbt et avril. Si vous d\u00e9sirez faire des incursions dans les hautes terres, ceci n\u2019est envisageable qu\u2019entre fin juin et mi septembre, p\u00e9riode qui correspond \u00e0 l\u2019ouverture des pistes.<\/span><br \/><span>Pour les s\u00e9jours estivaux, il est bon \u00e0 savoir que les tarifs sont plus int\u00e9ressants avant le 15 juin et apr\u00e8s le 20 ao\u00fbt.<\/span><br \/><span>Les p\u00e9riodes les plus agr\u00e9ables sont entre mai et fin juillet, c\u2019est \u00e0 ce moment que vous profitez du fameux soleil de minuit et du jour continu. C\u2019est \u00e9galement en \u00e9t\u00e9 qu\u2019il est possible d\u2019observer les oiseaux migrateurs qui s\u2019installent sur les c\u00f4tes islandaises.<\/span><br \/><span>Il faut \u00e9galement prendre en compte la dur\u00e9e des jours, les journ\u00e9es sont relativement courtes entre la fin novembre et la mi-janvier.<\/span><\/p>\n<p>[\/et_pb_accordion_item][et_pb_accordion_item title=&#8221;J\u2019entends parler de l\u2019int\u00e9rieur des terres, \u00e0 quoi cela correspond-il ?&#8221; open=&#8221;off&#8221; _builder_version=&#8221;4.27.4&#8243; _module_preset=&#8221;default&#8221; global_colors_info=&#8221;{}&#8221;]<\/p>\n<p><span>L\u2019Islande a une configuration g\u00e9ographique particuli\u00e8re, ce qui a des implications sur l\u2019organisation d\u2019un voyage sur place. Quand on \u00e9voque l\u2019int\u00e9rieur des terres, on se r\u00e9f\u00e8re aux r\u00e9gions d\u00e9sertiques du centre de l\u2019\u00eele. Ces zones, dont les plus c\u00e9l\u00e8bres sont le Landmannalaugar, <\/span><span style=\"font-size: 14px;\">Kerlingarfj\u00f6ll<\/span><span>, Askja ou encore la piste de Sprengisandur, ne sont accessibles qu\u2019en v\u00e9hicules 4&#215;4 et uniquement en \u00e9t\u00e9 de la mi-juin \u00e0 la mi-septembre (en fonction du climat et des dates d\u2019ouverture des pistes, les routes marqu\u00e9es F sur les cartes). Pour bien profiter de ces incursions, il est conseill\u00e9 de dormir sur place, la plupart du temps en refuge. Ces conditions d\u2019h\u00e9bergements plus rustiques permettent de profiter pleinement de ces paysages sauvages et des nombreuses randonn\u00e9es qu\u2019on y trouve.<\/span><\/p>\n<p>[\/et_pb_accordion_item][et_pb_accordion_item title=&#8221;Quand peut-on observer les aurores bor\u00e9ales ?&#8221; _builder_version=&#8221;4.27.4&#8243; _module_preset=&#8221;default&#8221; global_colors_info=&#8221;{}&#8221; open=&#8221;off&#8221;]<\/p>\n<p><span>De fin ao\u00fbt \u00e0 mi-avril, c\u2019est-\u00e0-dire quand les nuits sont sombres. D\u2019autres crit\u00e8res sont \u00e0 prendre en compte : l\u2019activit\u00e9 solaire, la couverture nuageuse et les temp\u00e9ratures, des nuits fra\u00eeches accentuent en effet la puissance des aurores. Il faut \u00e9galement s\u2019\u00e9loigner des pollutions lumineuses pour \u00eatre, le plus possible, dans l\u2019obscurit\u00e9.<\/span><\/p>\n<p>[\/et_pb_accordion_item][et_pb_accordion_item title=&#8221;Quelle est la meilleure p\u00e9riode pour observer les macareux moines et les baleines ?&#8221; _builder_version=&#8221;4.27.4&#8243; _module_preset=&#8221;default&#8221; hover_enabled=&#8221;0&#8243; global_colors_info=&#8221;{}&#8221; open=&#8221;on&#8221; sticky_enabled=&#8221;0&#8243;]<\/p>\n<p><span>Les macareux moines s\u2019installent en Islande pour l\u2019\u00e9t\u00e9. En r\u00e8gle g\u00e9n\u00e9rale, ils arrivent vers la mi-mai et repartent vers la mi-ao\u00fbt. Ceci varie en fonction des conditions climatiques et des temp\u00e9ratures.<\/span><br \/><span>Pour les c\u00e9tac\u00e9s, il est possible d\u2019en voir tout au long de l\u2019ann\u00e9e, au d\u00e9part de 3 sites principalement : depuis Reykjav\u00edk, depuis la p\u00e9ninsule du Sn\u00e6fellsnes et dans le nord \u00e0 H\u00fasav\u00edk. En fonction de la p\u00e9riode \u00e0 laquelle vous venez, vous aurez la possibilit\u00e9 d\u2019observer diff\u00e9rentes esp\u00e8ces. Si c\u2019est en hiver, les orques sont tr\u00e8s souvent au rendez-vous sur les c\u00f4tes de la p\u00e9ninsule du Sn\u00e6fellsnes . Les esp\u00e8ces que l\u2019on voit le plus souvent sont les rorquals communs, les dauphins, les baleines \u00e0 bosse et on croise de temps en temps des baleines bleues.<\/span><\/p>\n<p>[\/et_pb_accordion_item][et_pb_accordion_item title=&#8221;Dois-je avoir un passeport ou un visa, des vaccins pour venir en Islande ?&#8221; _builder_version=&#8221;4.27.4&#8243; _module_preset=&#8221;default&#8221; hover_enabled=&#8221;0&#8243; global_colors_info=&#8221;{}&#8221; open=&#8221;off&#8221; sticky_enabled=&#8221;0&#8243;]<\/p>\n<p><span>Bien que n\u2019\u00e9tant pas membre de l\u2019Union Europ\u00e9enne, l\u2019Islande est membre de l\u2019espace Schengen. Ce qui signifie qu\u2019une simple carte d\u2019identit\u00e9 en cours de validit\u00e9 est n\u00e9cessaire (pour les r\u00e9sidents d&#8217;un pays de l&#8217;espace Schengen) ou un passeport en cours de validit\u00e9 pour les autres . Il en est de m\u00eame pour le permis de conduire. Un permis de conduire national suffit, pas la peine d\u2019avoir un permis de conduire international.<\/span><br \/><span>Il n\u2019y a aucune n\u00e9cessit\u00e9 de se faire vacciner avant de venir en Islande. A ce sujet, si vous avez en votre possession votre carte europ\u00e9enne de s\u00e9curit\u00e9 sociale, les frais m\u00e9dicaux r\u00e9gl\u00e9s sur place vous seront rembours\u00e9s.<\/span><\/p>\n<p>[\/et_pb_accordion_item][et_pb_accordion_item title=&#8221;Y-a-t-il un d\u00e9calage horaire avec l\u2019Islande ?&#8221; _builder_version=&#8221;4.27.4&#8243; _module_preset=&#8221;default&#8221; global_colors_info=&#8221;{}&#8221; open=&#8221;off&#8221;]<\/p>\n<p><span>L\u2019Islande est sur le fuseau horaire UTC +0 et ne change pas d\u2019heure en \u00e9t\u00e9. Par rapport \u00e0 la France, il y a donc deux heures de moins \u00e0 l\u2019heure d\u2019\u00e9t\u00e9 et une heure de moins \u00e0 l\u2019heure d\u2019hiver.<\/span><\/p>\n<p>[\/et_pb_accordion_item][et_pb_accordion_item title=&#8221;Dois-je apporter un adaptateur pour les prises \u00e9lectriques ?&#8221; _builder_version=&#8221;4.27.4&#8243; _module_preset=&#8221;default&#8221; global_colors_info=&#8221;{}&#8221; open=&#8221;off&#8221;]<\/p>\n<p><span>Non, ce n\u2019est pas n\u00e9cessaire, l\u2019Islande a adopt\u00e9 les m\u00eames normes pour les prises que le continent europ\u00e9en, 220V et prises standards.<\/span><\/p>\n<p>[\/et_pb_accordion_item][et_pb_accordion_item title=&#8221;Sera-t-il facile de me ravitailler durant mon s\u00e9jour sur place? de trouver \u00e0 manger ?&#8221; _builder_version=&#8221;4.27.4&#8243; _module_preset=&#8221;default&#8221; hover_enabled=&#8221;0&#8243; global_colors_info=&#8221;{}&#8221; open=&#8221;off&#8221; sticky_enabled=&#8221;0&#8243;]<\/p>\n<p><span>Il est tr\u00e8s facile de faire les courses dans le pays. Dans les petits villages, les stations services font r\u00e8guli\u00e8rement office de sup\u00e9rettes pour pouvoir acheter les produits de premi\u00e8re n\u00e9cessit\u00e9. Tr\u00e8s souvent, les h\u00e9bergements avec lesquels nous travaillons proposent des restaurants. Notre carnet de route donne toutes ces informations, vous saurez donc \u00e0 l\u2019avance si l\u2019h\u00e9bergement dans lequel vous allez passer la nuit a un restaurant ou s\u2019il met \u00e0 votre disposition une cuisine. Nous vous pr\u00e9cisons \u00e9galement les restaurants \u00e0 proximit\u00e9 quand aucune de ces possibilit\u00e9s n\u2019existe.<\/span><br \/><span>Le seul moment o\u00f9 il faut pr\u00e9voir de faire des courses \u00e0 l\u2019avance est pour les voyages qui font des incursions dans les terres avec des nuits en refuge. Dans ce cas, les refuges mettent \u00e0 disposition des cuisines \u00e9quip\u00e9es, mais il faut apporter ses propres victuailles.<\/span><br \/><span>Nous proposons la location d\u2019un kit pique-nique (une glaci\u00e8re, un jeu de couvert, d&#8217;assiettes, un thermos, une planche \u00e0 d\u00e9couper et un tupperware) pour vous permettre de gagner en libert\u00e9 pour l\u2019organisation de vos d\u00e9jeuners. Cette solution est \u00e9galement int\u00e9ressante sur le plan budg\u00e9taire.<\/span><\/p>\n<p>[\/et_pb_accordion_item][et_pb_accordion_item title=&#8221;Et si je ne parle pas l\u2019Islandais&#8230;&#8221; _builder_version=&#8221;4.27.4&#8243; _module_preset=&#8221;default&#8221; global_colors_info=&#8221;{}&#8221; open=&#8221;off&#8221;]<\/p>\n<p><span>La tr\u00e8s grande majorit\u00e9 des Islandais parle l\u2019anglais et on trouve parfois des francophones.<\/span><\/p>\n<p>[\/et_pb_accordion_item][\/et_pb_accordion][\/et_pb_column][\/et_pb_row][\/et_pb_section][et_pb_section fb_built=&#8221;1&#8243; _builder_version=&#8221;4.27.4&#8243; _module_preset=&#8221;default&#8221; global_colors_info=&#8221;{}&#8221;][et_pb_row _builder_version=&#8221;4.27.4&#8243; _module_preset=&#8221;default&#8221; global_colors_info=&#8221;{}&#8221;][et_pb_column type=&#8221;4_4&#8243; _builder_version=&#8221;4.27.4&#8243; _module_preset=&#8221;default&#8221; global_colors_info=&#8221;{}&#8221;][et_pb_text _builder_version=&#8221;4.27.4&#8243; _module_preset=&#8221;default&#8221; header_font=&#8221;|||on|||||&#8221; header_text_align=&#8221;center&#8221; header_text_color=&#8221;#E30613&#8243; header_font_size=&#8221;20px&#8221; header_letter_spacing=&#8221;3px&#8221; global_colors_info=&#8221;{}&#8221;]<\/p>\n<h1>Nos services<\/h1>\n<p>[\/et_pb_text][\/et_pb_column][\/et_pb_row][et_pb_row _builder_version=&#8221;4.27.4&#8243; _module_preset=&#8221;default&#8221; global_colors_info=&#8221;{}&#8221;][et_pb_column type=&#8221;4_4&#8243; _builder_version=&#8221;4.27.4&#8243; _module_preset=&#8221;default&#8221; global_colors_info=&#8221;{}&#8221;][et_pb_accordion _builder_version=&#8221;4.27.4&#8243; _module_preset=&#8221;default&#8221; hover_enabled=&#8221;0&#8243; global_colors_info=&#8221;{}&#8221; sticky_enabled=&#8221;0&#8243;][et_pb_accordion_item title=&#8221;Quand r\u00e9server mon s\u00e9jour en Islande ?&#8221; open=&#8221;on&#8221; _builder_version=&#8221;4.27.4&#8243; _module_preset=&#8221;default&#8221; hover_enabled=&#8221;0&#8243; global_colors_info=&#8221;{}&#8221; sticky_enabled=&#8221;0&#8243;]<\/p>\n<p><span>Les disponibilit\u00e9s dans les h\u00e9bergements, surtout en \u00e9t\u00e9 (de juin \u00e0 mi-septembre), \u00e9tant tr\u00e8s limit\u00e9es, il est imp\u00e9ratif de r\u00e9server son voyage le plus t\u00f4t possible, par exemple d\u00e8s l\u2019automne pour l\u2019\u00e9t\u00e9 qui suit. Pour des organisations \u00e0 la derni\u00e8re minute, le camping est souvent la derni\u00e8re solution comme type d\u2019h\u00e9bergement. Dans ce cas, nous trouvons en g\u00e9n\u00e9ral des h\u00e9bergements, mais il faut bien \u00eatre conscient que le choix des cat\u00e9gories sera fait en fonction des disponibilit\u00e9s et que l&#8217;itin\u00e9raire peut \u00eatre appel\u00e9 \u00e0 \u00e9voluer en fonction des places trouv\u00e9es.<\/span><br \/><span>D\u00e8s que le voyage est valid\u00e9, les activit\u00e9s peuvent \u00eatre r\u00e9serv\u00e9es plus tard, jusqu\u2019\u00e0 un mois avant votre arriv\u00e9e sur place.<\/span><\/p>\n<p>[\/et_pb_accordion_item][et_pb_accordion_item title=&#8221;Comment fait-on pour r\u00e9server un voyage avec Iceland Escape ?&#8221; _builder_version=&#8221;4.27.4&#8243; _module_preset=&#8221;default&#8221; hover_enabled=&#8221;0&#8243; global_colors_info=&#8221;{}&#8221; open=&#8221;off&#8221; sticky_enabled=&#8221;0&#8243;]<\/p>\n<p><span>Tout d\u2019abord, vous pouvez nous contacter soit via le formulaire de contact du site soit en nous appelant par t\u00e9l\u00e9phone ou en prenant un rendez-vous avec le lien d\u00e9di\u00e9. Un conseiller vous fera parvenir par la suite une proposition personnalis\u00e9e qui pourra bien entendu \u00eatre appel\u00e9e \u00e0 \u00e9voluer en fonction des discussions et \u00e9changes que vous aurez. Ce conseiller sera votre interlocuteur privil\u00e9gi\u00e9 durant toute l\u2019\u00e9laboration de votre voyage.<\/span><br \/><span>D\u00e8s que nous trouvons un accord sur le parcours et le devis qui vous convient, vous devez nous signaler par mail que vous validez la proposition de voyage ainsi que nous indiquer votre plan de vol. Nous vous faisons parvenir une fiche d\u2019inscription et un lien pour vous permettre de r\u00e9gler un acompte de 30% du montant total du voyage (vous pouvez r\u00e9gler le voyage par virement). Votre voyage n\u2019est consid\u00e9r\u00e9 comme confirm\u00e9 uniquement apr\u00e8s la r\u00e9ception du paiement de l\u2019acompte et de votre fiche d\u2019inscription qui a valeur de contrat. Le solde du voyage est par la suite \u00e0 r\u00e9gler au plus tard 30 jours avant votre arriv\u00e9e, il est possible de le verser en deux fois. Pour toute r\u00e9servation de derni\u00e8re minute, l\u2019int\u00e9gralit\u00e9 du montant doit \u00eatre r\u00e9gl\u00e9 lors de la validation du voyage. Une dizaine de jours avant votre arriv\u00e9e, nous vous faisons parvenir les documents de voyage (mini-guides par r\u00e9gion et vouchers pour les prestations r\u00e9serv\u00e9es). Une fois arriv\u00e9s sur place, vous trouverez dans votre h\u00e9bergement ou dans votre v\u00e9hicule une enveloppe contenant une carte routi\u00e8re sur laquelle auraont \u00e9t\u00e9 surlign\u00e9es toutes les prestations r\u00e9serv\u00e9es et un plan de\u00a0 Reykjav\u00edk. Durant votre s\u00e9jour, nous sommes bien entendu disponibles pour vous assister \u00e0 toute heure de jour comme de nuit. Nous proposons \u00e9galement de rejoindre un groupe WhatsApp dans lequel nous publions des alertes m\u00e9t\u00e9o et de conditions de circulation.<\/span><\/p>\n<p>[\/et_pb_accordion_item][et_pb_accordion_item title=&#8221;Prenez-vous en charge la r\u00e9servation des vols internationaux ?&#8221; _builder_version=&#8221;4.27.4&#8243; _module_preset=&#8221;default&#8221; global_colors_info=&#8221;{}&#8221; open=&#8221;off&#8221;]<\/p>\n<p><span>En tant qu\u2019agence locale, nous ne sommes pas habilit\u00e9s \u00e0 r\u00e9server les vols internationaux mais nous pouvons bien entendu vous assister dans vos recherches.<\/span><br \/><span>Par contre, nous prenons en charge la r\u00e9servation des vols nationaux (Akureyri, Egilssta\u00f0ir et \u00cdsafj\u00f6r\u00f0ur) ainsi que les vols \u00e0 destination du Groenland, consid\u00e9r\u00e9s par la l\u00e9gislation comme des vols nationaux.<\/span><\/p>\n<p>[\/et_pb_accordion_item][et_pb_accordion_item title=&#8221;O\u00f9 arrivera notre avion ?&#8221; _builder_version=&#8221;4.27.4&#8243; _module_preset=&#8221;default&#8221; global_colors_info=&#8221;{}&#8221; open=&#8221;off&#8221;]<\/p>\n<p><span>Le seul a\u00e9roport accueillant les vols internationaux est celui de Keflav\u00edk. Il se situe \u00e0 environ 45 minutes de route depuis la capitale, Reykjav\u00edk. Nous proposons g\u00e9n\u00e9ralement la prise du v\u00e9hicule de location depuis l\u2019a\u00e9roport.<\/span><\/p>\n<p>[\/et_pb_accordion_item][et_pb_accordion_item title=&#8221;Si on annule notre voyage, que se passe-t-il ?&#8221; _builder_version=&#8221;4.27.4&#8243; _module_preset=&#8221;default&#8221; hover_enabled=&#8221;0&#8243; global_colors_info=&#8221;{}&#8221; open=&#8221;off&#8221; sticky_enabled=&#8221;0&#8243;]<\/p>\n<p><span>Pour les individuels, les conditions d\u2019annulation sont les suivantes :<\/span><br \/><span>plus de 60 jours avant le d\u00e9part : 15% du prix du voyage ne pourra \u00eatre rembours\u00e9<\/span><br \/><span>entre 60 et 31 jours : 30%<\/span><br \/><span>entre 30 et 15 jours : 50%<\/span><br \/><span>entre 15 et 8 jours : 75%<\/span><br \/><span>entre 7 et \u00e0 l&#8217;arriv\u00e9e : 100%<\/span><\/p>\n<p><span>Vous pouvez \u00e9galement souscrire \u00e0 des assurances de voyage.<\/span><\/p>\n<p>[\/et_pb_accordion_item][et_pb_accordion_item title=&#8221;Pendant le voyage, \u00eates vous disponible pour nous aider ?&#8221; _builder_version=&#8221;4.27.4&#8243; _module_preset=&#8221;default&#8221; global_colors_info=&#8221;{}&#8221; open=&#8221;off&#8221;]<\/p>\n<p><span>Nous sommes joignables 24h\/24 et 7 jours sur 7 en cas de probl\u00e8me.<\/span><\/p>\n<p>[\/et_pb_accordion_item][\/et_pb_accordion][\/et_pb_column][\/et_pb_row][\/et_pb_section][et_pb_section fb_built=&#8221;1&#8243; _builder_version=&#8221;4.27.4&#8243; _module_preset=&#8221;default&#8221; global_colors_info=&#8221;{}&#8221;][et_pb_row _builder_version=&#8221;4.27.4&#8243; _module_preset=&#8221;default&#8221; global_colors_info=&#8221;{}&#8221;][et_pb_column type=&#8221;4_4&#8243; _builder_version=&#8221;4.27.4&#8243; _module_preset=&#8221;default&#8221; global_colors_info=&#8221;{}&#8221;][et_pb_text _builder_version=&#8221;4.27.4&#8243; _module_preset=&#8221;default&#8221; header_font=&#8221;|||on|||||&#8221; header_text_align=&#8221;center&#8221; header_text_color=&#8221;#E30613&#8243; header_font_size=&#8221;20px&#8221; header_letter_spacing=&#8221;3px&#8221; global_colors_info=&#8221;{}&#8221;]<\/p>\n<h1>Les h\u00e9bergements en Islande<\/h1>\n<p>[\/et_pb_text][\/et_pb_column][\/et_pb_row][et_pb_row _builder_version=&#8221;4.27.4&#8243; _module_preset=&#8221;default&#8221; global_colors_info=&#8221;{}&#8221;][et_pb_column type=&#8221;4_4&#8243; _builder_version=&#8221;4.27.4&#8243; _module_preset=&#8221;default&#8221; global_colors_info=&#8221;{}&#8221;][et_pb_accordion _builder_version=&#8221;4.27.4&#8243; _module_preset=&#8221;default&#8221; hover_enabled=&#8221;0&#8243; global_colors_info=&#8221;{}&#8221; sticky_enabled=&#8221;0&#8243;][et_pb_accordion_item title=&#8221;Quels sont les types d\u2019h\u00e9bergement que l\u2019on peut trouver en Islande ?&#8221; open=&#8221;on&#8221; _builder_version=&#8221;4.27.4&#8243; _module_preset=&#8221;default&#8221; hover_enabled=&#8221;0&#8243; global_colors_info=&#8221;{}&#8221; sticky_enabled=&#8221;0&#8243;]<\/p>\n<p><span>H\u00f4tels traditionnels et guesthouses<\/span><br \/><span>La seule v\u00e9ritable diff\u00e9rence entre l\u2019h\u00f4tel traditionnel et la guesthouse est bien souvent la taille de l\u2019\u00e9tablissement. Les deux proposent un h\u00e9bergement de qualit\u00e9, avec ou sans sanitaires privatifs. Les guesthouses sont souvent de petits \u00e9tablissements typiques, \u00abchez l\u2019habitant\u00bb.<\/span><\/p>\n<p><span>La distinction sanitaires partag\u00e9s et privatifs<\/span><br \/><span>Dans les h\u00f4tels traditionnels et les guesthouses, on trouve les deux possibilit\u00e9s. Les sanitaires partag\u00e9s permettent de faire une \u00e9conomie sur le prix des nuits. Ils sont toujours propres et tr\u00e8s bien tenus et ne sont \u00e0 partager qu\u2019avec quelques autres chambres, toujours \u00e0 l\u2019int\u00e9rieur du b\u00e2timent. L\u2019Islande est un pays de culture nordique, m\u00eame les h\u00e9bergements \u00e0 prix modeste sont confortables et tr\u00e8s propres.<\/span><\/p>\n<p><span>H\u00f4tels de luxe et de charme<\/span><br \/><span>Ce type d\u2019h\u00f4tel existe en nombre limit\u00e9. Principalement \u00e0 Reykjavik, on en trouve n\u00e9anmoins dans quelques r\u00e9gions. Ils sont sujets \u00e0 des disponibilit\u00e9s et entra\u00eenent un choix plus r\u00e9duit d\u2019itin\u00e9raires.<\/span><\/p>\n<p><span>Refuges et auberges de jeunesse<\/span><br \/><span>H\u00e9bergement int\u00e9ressant car \u00e0 tarif modique, il se fait principalement en chambre collective en sac de couchage. Les petits d\u00e9jeuners n\u2019y sont pas compris, mais il y a une cuisine partag\u00e9e. L\u2019avantage des refuges est leur localisation : ils permettent de rester au c\u0153ur des terres et de profiter pleinement des sites.<\/span><\/p>\n<p><span>Camping<\/span><br \/><span>Pour les amoureux de la nature, la solution du camping, sous tente, existe en Islande. Les campings sont tous \u00e9quip\u00e9s de sanitaires. Alternative utile pour les voyages de derni\u00e8re minute notamment.<\/span><\/p>\n<p><span>Attention, pour les demandes en \u00e9t\u00e9, il faut s\u2019y prendre t\u00f4t. Avec une offre h\u00f4teli\u00e8re r\u00e9duite, le pays peut se retrouver complet plus de trois mois avant les dates d\u2019arriv\u00e9e !<\/span><\/p>\n<p>[\/et_pb_accordion_item][et_pb_accordion_item title=&#8221;Peut-on conna\u00eetre et\/ou choisir les h\u00e9bergements ?&#8221; _builder_version=&#8221;4.27.4&#8243; _module_preset=&#8221;default&#8221; hover_enabled=&#8221;0&#8243; global_colors_info=&#8221;{}&#8221; open=&#8221;off&#8221; sticky_enabled=&#8221;0&#8243;]<\/p>\n<p><span>Chez Iceland Escape, nous travaillons avec des partenaires de confiance. Les h\u00e9bergements que nous choisissons r\u00e9pondent \u00e0 certains standards et \u00e0 des crit\u00e8res de satisfaction dont nos nombreux voyageurs ont pu nous rendre compte. Nous connaissons les h\u00e9bergements que nous proposons.<\/span><br \/><span>Dans le devis, nous indiquons une liste d&#8217;h\u00e9bergements pressentis qui ne sont pas r\u00e9serv\u00e9s, ils peuvent donc changer \u00e0 la validation. La liste des h\u00e9bergements est communiqu\u00e9e apr\u00e8s la validation du voyage. Tout changement dans cette liste peut impliquer des ajustements tarifaires.<\/span><\/p>\n<p>[\/et_pb_accordion_item][et_pb_accordion_item title=&#8221;Dois-je apporter mon linge de lit ?&#8221; _builder_version=&#8221;4.27.4&#8243; _module_preset=&#8221;default&#8221; global_colors_info=&#8221;{}&#8221; open=&#8221;off&#8221;]<\/p>\n<p><span>En r\u00e8gle g\u00e9n\u00e9rale, ceci n\u2019est pas n\u00e9cessaire. Les guesthouses et h\u00f4tels fournissent le linge de lit ainsi que le linge de bain. Il est par contre n\u00e9cessaire d\u2019avoir un sac de couchage pour les nuits pass\u00e9es en refuge ou en auberge de jeunesse en chambre collective. Dans ce cas l\u00e0, nous proposons la location de ces derniers.<\/span><\/p>\n<p>[\/et_pb_accordion_item][\/et_pb_accordion][\/et_pb_column][\/et_pb_row][\/et_pb_section][et_pb_section fb_built=&#8221;1&#8243; _builder_version=&#8221;4.27.4&#8243; _module_preset=&#8221;default&#8221; global_colors_info=&#8221;{}&#8221;][et_pb_row _builder_version=&#8221;4.27.4&#8243; _module_preset=&#8221;default&#8221; global_colors_info=&#8221;{}&#8221;][et_pb_column type=&#8221;4_4&#8243; _builder_version=&#8221;4.27.4&#8243; _module_preset=&#8221;default&#8221; global_colors_info=&#8221;{}&#8221;][et_pb_text _builder_version=&#8221;4.27.4&#8243; _module_preset=&#8221;default&#8221; header_font=&#8221;|||on|||||&#8221; header_text_align=&#8221;center&#8221; header_text_color=&#8221;#E30613&#8243; header_font_size=&#8221;20px&#8221; header_letter_spacing=&#8221;3px&#8221; global_colors_info=&#8221;{}&#8221;]<\/p>\n<h1>L&#8217;autotour, le v\u00e9hicule et la conduite<\/h1>\n<p>[\/et_pb_text][\/et_pb_column][\/et_pb_row][et_pb_row _builder_version=&#8221;4.27.4&#8243; _module_preset=&#8221;default&#8221; global_colors_info=&#8221;{}&#8221;][et_pb_column type=&#8221;4_4&#8243; _builder_version=&#8221;4.27.4&#8243; _module_preset=&#8221;default&#8221; global_colors_info=&#8221;{}&#8221;][et_pb_accordion _builder_version=&#8221;4.27.4&#8243; _module_preset=&#8221;default&#8221; hover_enabled=&#8221;0&#8243; global_colors_info=&#8221;{}&#8221; sticky_enabled=&#8221;0&#8243;][et_pb_accordion_item title=&#8221;Qu&#8217;est-ce qu&#8217;un autotour ?&#8221; open=&#8221;on&#8221; _builder_version=&#8221;4.27.4&#8243; _module_preset=&#8221;default&#8221; global_colors_info=&#8221;{}&#8221;]<\/p>\n<p><span>Ce type de s\u00e9jour permet de voyager en totale libert\u00e9. Muni de votre carnet de voyage et de votre v\u00e9hicule, vous voyagez \u00e0 votre rythme, selon vos activit\u00e9s et votre itin\u00e9raire, avec la voiture de votre choix. Votre seule obligation est de vous rendre dans les h\u00e9bergements et les activit\u00e9s<\/span><br \/><span>r\u00e9serv\u00e9s par nos soins. Le reste vous appartient.<\/span><\/p>\n<p>[\/et_pb_accordion_item][et_pb_accordion_item title=&#8221;Quel type de voiture utiliser ?&#8221; _builder_version=&#8221;4.27.4&#8243; _module_preset=&#8221;default&#8221; global_colors_info=&#8221;{}&#8221; open=&#8221;off&#8221;]<\/p>\n<p><span>Pour des s\u00e9jours qui ne vont pas dans l\u2019int\u00e9rieur des terres, un v\u00e9hicule de tourisme deux roues motrices est suffisant en \u00e9t\u00e9, de mai \u00e0 septembre. D\u2019octobre \u00e0 avril, il est pr\u00e9f\u00e9rable d\u2019opter pour un v\u00e9hicule quatre roues motrices. En effet, avec les conditions climatiques (neige, verglas\u2026), ce type de v\u00e9hicule est plus s\u00fbr.<\/span><br \/><span>Pour les s\u00e9jours \u00e0 l\u2019int\u00e9rieur des terres (sur les pistes de Kaldidalur, Kj\u00f6lur, Sprengisandur, d\u2019Askja, du Landmannalaugar et du Laki par exemple), un v\u00e9hicule 4&#215;4 est indispensable. Les v\u00e9hicules de tourisme y sont interdits et les assurances ne couvrent pas les d\u00e9g\u00e2ts qui y sont caus\u00e9s.<\/span><br \/><span>Le r\u00e9seau routier est g\u00e9n\u00e9ralement bien entretenu.<\/span><\/p>\n<p>[\/et_pb_accordion_item][et_pb_accordion_item title=&#8221;Sera-t-il facile de trouver de l\u2019essence durant mon voyage ? une borne de recharge \u00e9lectique ? &#8221; _builder_version=&#8221;4.27.4&#8243; _module_preset=&#8221;default&#8221; hover_enabled=&#8221;0&#8243; global_colors_info=&#8221;{}&#8221; open=&#8221;off&#8221; sticky_enabled=&#8221;0&#8243;]<\/p>\n<p><span>On trouve tr\u00e8s facilement des stations services dans tout le pays. Ces derni\u00e8res sont indiqu\u00e9es sur la carte routi\u00e8re qui vous sera remise \u00e0 votre arriv\u00e9e sur place. N\u00e9anmoins, certaines r\u00e9gions sont un peu moins approvisionn\u00e9es, dans ce cas l\u00e0, vous aurez des remarques \u00e0 ce sujet dans votre carnet de route et vous verrez aussi des panneaux routiers vous appelant \u00e0 la vigilance. Ceci concerne principalement les incursions dans les hautes terres.<\/span><\/p>\n<p><span>L&#8217;Islande a une politique intensive d&#8217;\u00e9lectrification de son parc automobile. Il est possible de trouver des stations de recharge sur l&#8217;int\u00e9gralit\u00e9 de la route circulaire.\u00a0<\/span><\/p>\n<p>[\/et_pb_accordion_item][et_pb_accordion_item title=&#8221;Quelles sont les r\u00e8gles pour la conduite en Islande ?&#8221; _builder_version=&#8221;4.27.4&#8243; _module_preset=&#8221;default&#8221; hover_enabled=&#8221;0&#8243; global_colors_info=&#8221;{}&#8221; open=&#8221;off&#8221; sticky_enabled=&#8221;0&#8243;]<\/p>\n<p><span>En Islande, on conduit \u00e0 droite. La vitesse est limit\u00e9e en agglom\u00e9ration \u00e0 50 km\/h, \u00e0 90 km\/h et \u00e0 80 km\/h sur les pistes. Il faut adapter sa conduite aux conditions climatiques. Par contre, il est strictement interdit de boire et conduire, la tol\u00e9rance est \u00e0 0 mg\/L de sang.<\/span><br \/><span>Il est \u00e9galement strictement interdit, et s\u00e9v\u00e8rement puni, de conduire hors piste. Ceci ab\u00eeme de mani\u00e8re durable des paysages qui ont mis des si\u00e8cles \u00e0 se fa\u00e7onner.<\/span><\/p>\n<p>[\/et_pb_accordion_item][et_pb_accordion_item title=&#8221;Quelles assurances dois-je souscrire pour la voiture ?&#8221; _builder_version=&#8221;4.27.4&#8243; _module_preset=&#8221;default&#8221; hover_enabled=&#8221;0&#8243; global_colors_info=&#8221;{}&#8221; open=&#8221;off&#8221; sticky_enabled=&#8221;0&#8243;]<\/p>\n<p><span>Tous nos devis incluent l\u2019assurance de base (appel\u00e9e CDW pour Collision Damage Waiver), dont la franchise se situe entre 1900 et 4500 \u20ac selon les loueurs et les types de voiture. Il est possible de souscrire \u00e0 d\u2019autres assurances, soit au moment de la pr\u00e9paration de votre voyage, soit aupr\u00e8s du loueur directement en arrivant :<\/span><br \/><span>Super-CDW : r\u00e9duction de la franchise \u00e0 450 \u00e0 1200 \u20ac selon les loueurs et les types de voiture.<\/span><br \/><span>SADW (Sand and Ash Damage Waiver) : prise en charge des d\u00e9g\u00e2ts caus\u00e9s par le sable et les cendres sur le v\u00e9hicule<\/span><br \/><span>GP (Gravel Protection) : prise en charge des d\u00e9g\u00e2ts caus\u00e9s par les graviers<\/span><br \/><span>Zero Excess SCDW : rachat total de la franchise<\/span><\/p>\n<p>[\/et_pb_accordion_item][\/et_pb_accordion][\/et_pb_column][\/et_pb_row][\/et_pb_section][et_pb_section fb_built=&#8221;1&#8243; _builder_version=&#8221;4.27.4&#8243; _module_preset=&#8221;default&#8221; global_colors_info=&#8221;{}&#8221;][et_pb_row _builder_version=&#8221;4.27.4&#8243; _module_preset=&#8221;default&#8221; global_colors_info=&#8221;{}&#8221;][et_pb_column type=&#8221;4_4&#8243; _builder_version=&#8221;4.27.4&#8243; _module_preset=&#8221;default&#8221; global_colors_info=&#8221;{}&#8221;][et_pb_text _builder_version=&#8221;4.27.4&#8243; _module_preset=&#8221;default&#8221; header_font=&#8221;|||on|||||&#8221; header_text_align=&#8221;center&#8221; header_text_color=&#8221;#E30613&#8243; header_font_size=&#8221;20px&#8221; header_letter_spacing=&#8221;3px&#8221; global_colors_info=&#8221;{}&#8221;]<\/p>\n<h1>Voyager au Groenland<\/h1>\n<p>[\/et_pb_text][\/et_pb_column][\/et_pb_row][et_pb_row _builder_version=&#8221;4.27.4&#8243; _module_preset=&#8221;default&#8221; global_colors_info=&#8221;{}&#8221;][et_pb_column type=&#8221;4_4&#8243; _builder_version=&#8221;4.27.4&#8243; _module_preset=&#8221;default&#8221; global_colors_info=&#8221;{}&#8221;][et_pb_accordion _builder_version=&#8221;4.27.4&#8243; _module_preset=&#8221;default&#8221; global_colors_info=&#8221;{}&#8221;][et_pb_accordion_item title=&#8221;Quelle est la meilleure p\u00e9riode pour venir au Gro\u00ebnland ?&#8221; open=&#8221;on&#8221; _builder_version=&#8221;4.27.4&#8243; _module_preset=&#8221;default&#8221; hover_enabled=&#8221;0&#8243; global_colors_info=&#8221;{}&#8221; sticky_enabled=&#8221;0&#8243;]<\/p>\n<p><span>Le Gro\u00ebnland est une destination qui \u00e0 l\u2019instar de l\u2019Islande peut pr\u00e9senter deux visages selon les deux saisons principales habituellement choisies pour y voyager.<\/span><\/p>\n<p><span>En hiver:<\/span><br \/><span>C\u2019est la saison par excellence pour qui veut d\u00e9couvrir le pays tel qu\u2019il est imagin\u00e9 g\u00e9n\u00e9ralement : l\u2019hiver, les inu\u00eets, les chiens de tra\u00eeneaux, les aurores bor\u00e9ales.<\/span><br \/><span>C\u2019est donc l\u2019occasion unique d\u2019\u00eatre accompagn\u00e9 par un chasseur gro\u00ebnlandais et son attelage et de d\u00e9couvrir les pistes de montagnes ou la banquise selon la p\u00e9riode et la partie du pays o\u00f9 vous serez amen\u00e9 \u00e0 voyager.<\/span><\/p>\n<p><span>En \u00e9t\u00e9:<\/span><br \/><span>Vous voulez voir le pays pendant le jour continu, voyager \u00e0 pied au milieu de la toundra ou faire du cabotage en bateau au milieu des icebergs. Dormir \u00e0 l\u2019h\u00f4tel en effectuant r\u00e9guli\u00e8rement des excursions chaque jour ou \u00eatre en semi-itin\u00e9rance en logeant parfois dans des cabanes ou parfois sous tentes dans une baie, o\u00f9 vous ne risquez gu\u00e8re que de rencontrer que quelques renard polaires ou un phoque sortant la t\u00eate de l\u2019eau, curieux de savoir quels \u00e9tranges visiteurs se sont install\u00e9s&#8230;<\/span><\/p>\n<p>[\/et_pb_accordion_item][et_pb_accordion_item title=&#8221;Prenez-vous en charge la r\u00e9servation des vols internationaux ?&#8221; _builder_version=&#8221;4.27.4&#8243; _module_preset=&#8221;default&#8221; hover_enabled=&#8221;0&#8243; global_colors_info=&#8221;{}&#8221; open=&#8221;off&#8221; sticky_enabled=&#8221;0&#8243;]<\/p>\n<p><span>En tant qu\u2019agence locale, nous ne sommes pas habilit\u00e9s \u00e0 r\u00e9server les vols internationaux mais nous pouvons bien entendu vous assister dans vos recherches.<\/span><br \/><span>Par contre, nous prenons en charge la r\u00e9servation des vols depuis l&#8217;Islande \u00e0 destination du Groenland, consid\u00e9r\u00e9s par la l\u00e9gislation comme des vols nationaux.<\/span><\/p>\n<p>[\/et_pb_accordion_item][\/et_pb_accordion][\/et_pb_column][\/et_pb_row][\/et_pb_section]<\/p>\n","protected":false},"excerpt":{"rendered":"<p>Foire aux questionsOn peut voyager en Islande tout au long de l\u2019ann\u00e9e. En fonction de la p\u00e9riode du voyage, le type de s\u00e9jour varie. En effet, si vous voulez voir des aurores bor\u00e9ales, il faut venir entre ao\u00fbt et avril. Si vous d\u00e9sirez faire des incursions dans les hautes terres, ceci n\u2019est envisageable qu\u2019entre fin [&hellip;]<\/p>\n","protected":false},"author":1,"featured_media":0,"parent":0,"menu_order":0,"comment_status":"closed","ping_status":"closed","template":"","meta":{"_acf_changed":false,"_et_pb_use_builder":"on","_et_pb_old_content":"","_et_gb_content_width":"","_uf_show_specific_survey":0,"_uf_disable_surveys":false,"footnotes":""},"class_list":["post-3820","page","type-page","status-publish","hentry"],"acf":[],"yoast_head":"<!-- This site is optimized with the Yoast SEO plugin v27.4 - https:\/\/yoast.com\/product\/yoast-seo-wordpress\/ -->\n<title>FAQ<\/title>\n<meta name=\"description\" content=\"[et_pb_section fb_built=&quot;1&quot; _builder_version=&quot;4.27.4&quot; _module_preset=&quot;default&quot; global_colors_info=&quot;{}&quot;][et_pb_row _builder_version=&quot;4.27.4&quot; _module_preset=&quot;default&quot; global_colors_info=&quot;{}&quot;][et_pb_column type=&quot;4_4&quot; _builder_version=&quot;4.27.4&quot; _module_preset=&quot;default&quot; global_colors_info=&quot;{}&quot;][et_pb_text _builder_version=&quot;4.27.4&quot; _module_preset=&quot;default&quot; header_font=&quot;|||on|||||&quot; header_text_align=&quot;center&quot; header_text_color=&quot;#E30613&quot; header_font_size=&quot;20px&quot; header_letter_spacing=&quot;3px&quot; global_colors_info=&quot;{}&quot;]Foire aux questions[\/et_pb_text][\/et_pb_column][\/et_pb_row][et_pb_row _builder_version=&quot;4.27.4&quot; _module_preset=&quot;default&quot; global_colors_info=&quot;{}&quot;][et_pb_column type=&quot;4_4&quot; _builder_version=&quot;4.27.4&quot; _module_preset=&quot;default&quot; global_colors_info=&quot;{}&quot;][et_pb_accordion _builder_version=&quot;4.27.4&quot; _module_preset=&quot;default&quot; hover_enabled=&quot;0&quot; global_colors_info=&quot;{}&quot; sticky_enabled=&quot;0&quot;][et_pb_accordion_item title=&quot;Quelle est la meilleure p\u00e9riode pour venir en Islande ?&quot; _builder_version=&quot;4.27.4&quot; _module_preset=&quot;default&quot; global_colors_info=&quot;{}&quot; open=&quot;off&quot;]On peut voyager en Islande tout au long&hellip;\" \/>\n<meta name=\"robots\" content=\"index, follow, max-snippet:-1, max-image-preview:large, max-video-preview:-1\" \/>\n<link rel=\"canonical\" href=\"http:\/\/[et_pb_section%20fb_built=1%20_builder_version=4.27.4%20_module_preset=default%20global_colors_info=][et_pb_row%20_builder_version=4.27.4%20_module_preset=default%20global_colors_info=][et_pb_column%20type=4_4%20_builder_version=4.27.4%20_module_preset=default%20global_colors_info=][et_pb_text%20_builder_version=4.27.4%20_module_preset=default%20header_font=|||on|||||%20header_text_align=center%20header_text_color=#E30613%20header_font_size=20px%20header_letter_spacing=3px%20global_colors_info=%5DFoire%20aux%20questions%5B\/et_pb_text%5D%5B\/et_pb_column%5D%5B\/et_pb_row%5D%5Bet_pb_row%20_builder_version=4.27.4%20_module_preset=default%20global_colors_info=%5D%5Bet_pb_column%20type=4_4%20_builder_version=4.27.4%20_module_preset=default%20global_colors_info=%5D%5Bet_pb_accordion%20_builder_version=4.27.4%20_module_preset=default%20hover_enabled=0%20global_colors_info=%20sticky_enabled=0%5D%5Bet_pb_accordion_item%20title=Quelle%20est%20la%20meilleure%20p\u00e9riode%20pour%20venir%20en%20Islande%20?%20_builder_version=4.27.4%20_module_preset=default%20global_colors_info=%20open=off%5DOn%20peut%20voyager%20en%20Islande%20tout%20au%20long&hellip;\" \/>\n<meta property=\"og:locale\" content=\"en_US\" \/>\n<meta property=\"og:type\" content=\"article\" \/>\n<meta property=\"og:title\" content=\"FAQ\" \/>\n<meta property=\"og:description\" content=\"[et_pb_section fb_built=&quot;1&quot; _builder_version=&quot;4.27.4&quot; _module_preset=&quot;default&quot; global_colors_info=&quot;{}&quot;][et_pb_row _builder_version=&quot;4.27.4&quot; _module_preset=&quot;default&quot; global_colors_info=&quot;{}&quot;][et_pb_column type=&quot;4_4&quot; _builder_version=&quot;4.27.4&quot; _module_preset=&quot;default&quot; global_colors_info=&quot;{}&quot;][et_pb_text _builder_version=&quot;4.27.4&quot; _module_preset=&quot;default&quot; header_font=&quot;|||on|||||&quot; header_text_align=&quot;center&quot; header_text_color=&quot;#E30613&quot; header_font_size=&quot;20px&quot; header_letter_spacing=&quot;3px&quot; global_colors_info=&quot;{}&quot;]Foire aux questions[\/et_pb_text][\/et_pb_column][\/et_pb_row][et_pb_row _builder_version=&quot;4.27.4&quot; _module_preset=&quot;default&quot; global_colors_info=&quot;{}&quot;][et_pb_column type=&quot;4_4&quot; _builder_version=&quot;4.27.4&quot; _module_preset=&quot;default&quot; global_colors_info=&quot;{}&quot;][et_pb_accordion _builder_version=&quot;4.27.4&quot; _module_preset=&quot;default&quot; hover_enabled=&quot;0&quot; global_colors_info=&quot;{}&quot; sticky_enabled=&quot;0&quot;][et_pb_accordion_item title=&quot;Quelle est la meilleure p\u00e9riode pour venir en Islande ?&quot; _builder_version=&quot;4.27.4&quot; _module_preset=&quot;default&quot; global_colors_info=&quot;{}&quot; open=&quot;off&quot;]On peut voyager en Islande tout au long&hellip;\" \/>\n<meta property=\"og:url\" content=\"https:\/\/icelandescape.com\/en\/faq\/\" \/>\n<meta property=\"og:site_name\" content=\"Iceland Escape\" \/>\n<meta property=\"article:modified_time\" content=\"2025-07-02T15:56:07+00:00\" \/>\n<meta name=\"twitter:card\" content=\"summary_large_image\" \/>\n<meta name=\"twitter:label1\" content=\"Est. reading time\" \/>\n\t<meta name=\"twitter:data1\" content=\"21 minutes\" \/>\n<script type=\"application\/ld+json\" class=\"yoast-schema-graph\">{\"@context\":\"https:\\\/\\\/schema.org\",\"@graph\":[{\"@type\":\"WebPage\",\"@id\":\"https:\\\/\\\/icelandescape.com\\\/en\\\/faq\\\/\",\"url\":\"https:\\\/\\\/icelandescape.com\\\/en\\\/faq\\\/\",\"name\":\"FAQ - Iceland Escape\",\"isPartOf\":{\"@id\":\"https:\\\/\\\/icelandescape.com\\\/#website\"},\"datePublished\":\"2025-04-28T07:52:52+00:00\",\"dateModified\":\"2025-07-02T15:56:07+00:00\",\"breadcrumb\":{\"@id\":\"https:\\\/\\\/icelandescape.com\\\/en\\\/faq\\\/#breadcrumb\"},\"inLanguage\":\"en-US\",\"potentialAction\":[{\"@type\":\"ReadAction\",\"target\":[\"https:\\\/\\\/icelandescape.com\\\/en\\\/faq\\\/\"]}]},{\"@type\":\"BreadcrumbList\",\"@id\":\"https:\\\/\\\/icelandescape.com\\\/en\\\/faq\\\/#breadcrumb\",\"itemListElement\":[{\"@type\":\"ListItem\",\"position\":1,\"name\":\"Accueil\",\"item\":\"https:\\\/\\\/icelandescape.com\\\/\"},{\"@type\":\"ListItem\",\"position\":2,\"name\":\"FAQ\"}]},{\"@type\":\"WebSite\",\"@id\":\"https:\\\/\\\/icelandescape.com\\\/en\\\/#website\",\"url\":\"https:\\\/\\\/icelandescape.com\\\/en\\\/\",\"name\":\"Iceland Escape\",\"description\":\"Agence francophone bas\u00e9e \u00e0 Reykjav\u00edk\",\"potentialAction\":[{\"@type\":\"SearchAction\",\"target\":{\"@type\":\"EntryPoint\",\"urlTemplate\":\"https:\\\/\\\/icelandescape.com\\\/en\\\/?s={search_term_string}\"},\"query-input\":{\"@type\":\"PropertyValueSpecification\",\"valueRequired\":true,\"valueName\":\"search_term_string\"}}],\"inLanguage\":\"en-US\"}]}<\/script>\n<!-- \/ Yoast SEO plugin. -->","yoast_head_json":{"title":"FAQ","description":"[et_pb_section fb_built=\"1\" _builder_version=\"4.27.4\" _module_preset=\"default\" global_colors_info=\"{}\"][et_pb_row _builder_version=\"4.27.4\" _module_preset=\"default\" global_colors_info=\"{}\"][et_pb_column type=\"4_4\" _builder_version=\"4.27.4\" _module_preset=\"default\" global_colors_info=\"{}\"][et_pb_text _builder_version=\"4.27.4\" _module_preset=\"default\" header_font=\"|||on|||||\" header_text_align=\"center\" header_text_color=\"#E30613\" header_font_size=\"20px\" header_letter_spacing=\"3px\" global_colors_info=\"{}\"]Foire aux questions[\/et_pb_text][\/et_pb_column][\/et_pb_row][et_pb_row _builder_version=\"4.27.4\" _module_preset=\"default\" global_colors_info=\"{}\"][et_pb_column type=\"4_4\" _builder_version=\"4.27.4\" _module_preset=\"default\" global_colors_info=\"{}\"][et_pb_accordion _builder_version=\"4.27.4\" _module_preset=\"default\" hover_enabled=\"0\" global_colors_info=\"{}\" sticky_enabled=\"0\"][et_pb_accordion_item title=\"Quelle est la meilleure p\u00e9riode pour venir en Islande ?\" _builder_version=\"4.27.4\" _module_preset=\"default\" global_colors_info=\"{}\" open=\"off\"]On peut voyager en Islande tout au long&hellip;","robots":{"index":"index","follow":"follow","max-snippet":"max-snippet:-1","max-image-preview":"max-image-preview:large","max-video-preview":"max-video-preview:-1"},"canonical":"[et_pb_section fb_built=\"1\" _builder_version=\"4.27.4\" _module_preset=\"default\" global_colors_info=\"{}\"][et_pb_row _builder_version=\"4.27.4\" _module_preset=\"default\" global_colors_info=\"{}\"][et_pb_column type=\"4_4\" _builder_version=\"4.27.4\" _module_preset=\"default\" global_colors_info=\"{}\"][et_pb_text _builder_version=\"4.27.4\" _module_preset=\"default\" header_font=\"|||on|||||\" header_text_align=\"center\" header_text_color=\"#E30613\" header_font_size=\"20px\" header_letter_spacing=\"3px\" global_colors_info=\"{}\"]Foire aux questions[\/et_pb_text][\/et_pb_column][\/et_pb_row][et_pb_row _builder_version=\"4.27.4\" _module_preset=\"default\" global_colors_info=\"{}\"][et_pb_column type=\"4_4\" _builder_version=\"4.27.4\" _module_preset=\"default\" global_colors_info=\"{}\"][et_pb_accordion _builder_version=\"4.27.4\" _module_preset=\"default\" hover_enabled=\"0\" global_colors_info=\"{}\" sticky_enabled=\"0\"][et_pb_accordion_item title=\"Quelle est la meilleure p\u00e9riode pour venir en Islande ?\" _builder_version=\"4.27.4\" _module_preset=\"default\" global_colors_info=\"{}\" open=\"off\"]On peut voyager en Islande tout au long&hellip;","og_locale":"en_US","og_type":"article","og_title":"FAQ","og_description":"[et_pb_section fb_built=\"1\" _builder_version=\"4.27.4\" _module_preset=\"default\" global_colors_info=\"{}\"][et_pb_row _builder_version=\"4.27.4\" _module_preset=\"default\" global_colors_info=\"{}\"][et_pb_column type=\"4_4\" _builder_version=\"4.27.4\" _module_preset=\"default\" global_colors_info=\"{}\"][et_pb_text _builder_version=\"4.27.4\" _module_preset=\"default\" header_font=\"|||on|||||\" header_text_align=\"center\" header_text_color=\"#E30613\" header_font_size=\"20px\" header_letter_spacing=\"3px\" global_colors_info=\"{}\"]Foire aux questions[\/et_pb_text][\/et_pb_column][\/et_pb_row][et_pb_row _builder_version=\"4.27.4\" _module_preset=\"default\" global_colors_info=\"{}\"][et_pb_column type=\"4_4\" _builder_version=\"4.27.4\" _module_preset=\"default\" global_colors_info=\"{}\"][et_pb_accordion _builder_version=\"4.27.4\" _module_preset=\"default\" hover_enabled=\"0\" global_colors_info=\"{}\" sticky_enabled=\"0\"][et_pb_accordion_item title=\"Quelle est la meilleure p\u00e9riode pour venir en Islande ?\" _builder_version=\"4.27.4\" _module_preset=\"default\" global_colors_info=\"{}\" open=\"off\"]On peut voyager en Islande tout au long&hellip;","og_url":"https:\/\/icelandescape.com\/en\/faq\/","og_site_name":"Iceland Escape","article_modified_time":"2025-07-02T15:56:07+00:00","twitter_card":"summary_large_image","twitter_misc":{"Est. reading time":"21 minutes"},"schema":{"@context":"https:\/\/schema.org","@graph":[{"@type":"WebPage","@id":"https:\/\/icelandescape.com\/en\/faq\/","url":"https:\/\/icelandescape.com\/en\/faq\/","name":"FAQ - Iceland Escape","isPartOf":{"@id":"https:\/\/icelandescape.com\/#website"},"datePublished":"2025-04-28T07:52:52+00:00","dateModified":"2025-07-02T15:56:07+00:00","breadcrumb":{"@id":"https:\/\/icelandescape.com\/en\/faq\/#breadcrumb"},"inLanguage":"en-US","potentialAction":[{"@type":"ReadAction","target":["https:\/\/icelandescape.com\/en\/faq\/"]}]},{"@type":"BreadcrumbList","@id":"https:\/\/icelandescape.com\/en\/faq\/#breadcrumb","itemListElement":[{"@type":"ListItem","position":1,"name":"Accueil","item":"https:\/\/icelandescape.com\/"},{"@type":"ListItem","position":2,"name":"FAQ"}]},{"@type":"WebSite","@id":"https:\/\/icelandescape.com\/en\/#website","url":"https:\/\/icelandescape.com\/en\/","name":"Iceland Escape","description":"Agence francophone bas\u00e9e \u00e0 Reykjav\u00edk","potentialAction":[{"@type":"SearchAction","target":{"@type":"EntryPoint","urlTemplate":"https:\/\/icelandescape.com\/en\/?s={search_term_string}"},"query-input":{"@type":"PropertyValueSpecification","valueRequired":true,"valueName":"search_term_string"}}],"inLanguage":"en-US"}]}},"_links":{"self":[{"href":"https:\/\/icelandescape.com\/en\/wp-json\/wp\/v2\/pages\/3820","targetHints":{"allow":["GET"]}}],"collection":[{"href":"https:\/\/icelandescape.com\/en\/wp-json\/wp\/v2\/pages"}],"about":[{"href":"https:\/\/icelandescape.com\/en\/wp-json\/wp\/v2\/types\/page"}],"author":[{"embeddable":true,"href":"https:\/\/icelandescape.com\/en\/wp-json\/wp\/v2\/users\/1"}],"replies":[{"embeddable":true,"href":"https:\/\/icelandescape.com\/en\/wp-json\/wp\/v2\/comments?post=3820"}],"version-history":[{"count":17,"href":"https:\/\/icelandescape.com\/en\/wp-json\/wp\/v2\/pages\/3820\/revisions"}],"predecessor-version":[{"id":5367,"href":"https:\/\/icelandescape.com\/en\/wp-json\/wp\/v2\/pages\/3820\/revisions\/5367"}],"wp:attachment":[{"href":"https:\/\/icelandescape.com\/en\/wp-json\/wp\/v2\/media?parent=3820"}],"curies":[{"name":"wp","href":"https:\/\/api.w.org\/{rel}","templated":true}]}}